{"id":1928,"date":"2024-05-15T19:33:28","date_gmt":"2024-05-15T17:33:28","guid":{"rendered":"https:\/\/art-bijoux.com\/?post_type=product&#038;p=1928"},"modified":"2024-05-15T19:33:28","modified_gmt":"2024-05-15T17:33:28","slug":"pendentif-carre-bleu-avec-eclats-de-verre-rouge-et-jaune","status":"publish","type":"product","link":"https:\/\/art-bijoux.com\/en\/boutique\/pendentif-carre-bleu-avec-eclats-de-verre-rouge-et-jaune\/","title":{"rendered":"Pendentif Carr\u00e9 Bleu avec \u00c9clats de Verre Rouge et Jaune"},"content":{"rendered":"<figure id=\"attachment_243\" aria-describedby=\"caption-attachment-243\" style=\"width: 280px\" class=\"wp-caption alignleft\"><img fetchpriority=\"high\" decoding=\"async\" class=\"size-medium wp-image-243\" src=\"https:\/\/art-bijoux.com\/wp-content\/uploads\/2024\/04\/carre-rouge-losanges-oranges-fond-marbre-280x300.webp\" alt=\"Pendentif carr\u00e9 fond bleu parsem\u00e9 de jaune avec 3 \u00e9clats fondus rouge et orange\" width=\"280\" height=\"300\" srcset=\"https:\/\/art-bijoux.com\/wp-content\/uploads\/2024\/04\/carre-rouge-losanges-oranges-fond-marbre-280x300.webp 280w, https:\/\/art-bijoux.com\/wp-content\/uploads\/2024\/04\/carre-rouge-losanges-oranges-fond-marbre-600x642.webp 600w, https:\/\/art-bijoux.com\/wp-content\/uploads\/2024\/04\/carre-rouge-losanges-oranges-fond-marbre-957x1024.webp 957w, https:\/\/art-bijoux.com\/wp-content\/uploads\/2024\/04\/carre-rouge-losanges-oranges-fond-marbre-768x822.webp 768w, https:\/\/art-bijoux.com\/wp-content\/uploads\/2024\/04\/carre-rouge-losanges-oranges-fond-marbre-1435x1536.webp 1435w, https:\/\/art-bijoux.com\/wp-content\/uploads\/2024\/04\/carre-rouge-losanges-oranges-fond-marbre-1913x2048.webp 1913w, https:\/\/art-bijoux.com\/wp-content\/uploads\/2024\/04\/carre-rouge-losanges-oranges-fond-marbre.webp 1920w\" sizes=\"(max-width: 280px) 100vw, 280px\" \/><figcaption id=\"caption-attachment-243\" class=\"wp-caption-text\">Pendentif carr\u00e9 fond bleu parsem\u00e9 de jaune avec 3 \u00e9clats fondus rouge et orange<\/figcaption><\/figure>\n<p>Ce pendentif carr\u00e9 \u00e9voque un \u00e9clat de ciel matinal, avec son fond bleu parsem\u00e9 de touches jaunes \u00e9voquant les premiers rayons du soleil. Au centre de cette composition lumineuse, un \u00e9clat de verre rouge vibrant attire imm\u00e9diatement l&#8217;attention, contrastant avec les nuances plus douces du bleu et du jaune. Deux \u00e9clats de verre orange, plus petits, judicieusement dispos\u00e9s, compl\u00e8tent harmonieusement ce tableau chatoyant. Une b\u00e9li\u00e8re argent\u00e9e, discr\u00e8tement coll\u00e9e \u00e0 l&#8217;arri\u00e8re, permet de suspendre ce pendentif avec \u00e9l\u00e9gance.<\/p>\n<p>Caract\u00e9ristiques :<\/p>\n<ul>\n<li>Forme : Carr\u00e9<\/li>\n<li>Fond : Bleu avec des touches jaunes<\/li>\n<li>\u00c9clats de verre : Rouge, orange<\/li>\n<li>Technique : Fusion de verre<\/li>\n<li>Mat\u00e9riaux : Verre, m\u00e9ta argent\u00e9, colle<\/li>\n<li>B\u00e9li\u00e8re : Argent\u00e9e<\/li>\n<li>Dimensions : hauteur : 5,4cm, largeur : 3,1cm<\/li>\n<\/ul>\n<p>&nbsp;<\/p>\n","protected":false},"excerpt":{"rendered":"<p>Pendentif carr\u00e9 fond bleu parsem\u00e9 de jaune avec 3 \u00e9clats fondus rouge et orange<\/p>\n","protected":false},"featured_media":243,"comment_status":"open","ping_status":"closed","template":"","meta":[],"product_brand":[],"product_cat":[182],"product_tag":[36,49,26],"class_list":{"0":"post-1928","1":"product","2":"type-product","3":"status-publish","4":"has-post-thumbnail","6":"product_cat-pendentif-fusing","7":"product_tag-verre-abstrait","8":"product_tag-fusing-verre","9":"product_tag-pendentif-verre","10":"pa_bijou-pendentif","12":"first","13":"instock","14":"purchasable","15":"product-type-simple"},"_links":{"self":[{"href":"https:\/\/art-bijoux.com\/en\/wp-json\/wp\/v2\/product\/1928","targetHints":{"allow":["GET"]}}],"collection":[{"href":"https:\/\/art-bijoux.com\/en\/wp-json\/wp\/v2\/product"}],"about":[{"href":"https:\/\/art-bijoux.com\/en\/wp-json\/wp\/v2\/types\/product"}],"replies":[{"embeddable":true,"href":"https:\/\/art-bijoux.com\/en\/wp-json\/wp\/v2\/comments?post=1928"}],"version-history":[{"count":0,"href":"https:\/\/art-bijoux.com\/en\/wp-json\/wp\/v2\/product\/1928\/revisions"}],"wp:featuredmedia":[{"embeddable":true,"href":"https:\/\/art-bijoux.com\/en\/wp-json\/wp\/v2\/media\/243"}],"wp:attachment":[{"href":"https:\/\/art-bijoux.com\/en\/wp-json\/wp\/v2\/media?parent=1928"}],"wp:term":[{"taxonomy":"product_brand","embeddable":true,"href":"https:\/\/art-bijoux.com\/en\/wp-json\/wp\/v2\/product_brand?post=1928"},{"taxonomy":"product_cat","embeddable":true,"href":"https:\/\/art-bijoux.com\/en\/wp-json\/wp\/v2\/product_cat?post=1928"},{"taxonomy":"product_tag","embeddable":true,"href":"https:\/\/art-bijoux.com\/en\/wp-json\/wp\/v2\/product_tag?post=1928"}],"curies":[{"name":"wp","href":"https:\/\/api.w.org\/{rel}","templated":true}]}}