{"id":2842,"date":"2024-07-06T18:12:37","date_gmt":"2024-07-06T16:12:37","guid":{"rendered":"https:\/\/art-bijoux.com\/?post_type=product&#038;p=2842"},"modified":"2024-07-06T18:16:23","modified_gmt":"2024-07-06T16:16:23","slug":"pendentif-en-verre-bleu-intense-avec-des-carres-oranges-fondus","status":"publish","type":"product","link":"https:\/\/art-bijoux.com\/en\/boutique\/pendentif-en-verre-bleu-intense-avec-des-carres-oranges-fondus\/","title":{"rendered":"Pendentif en Verre Bleu Intense avec des Carr\u00e9s Orang\u00e9s Fondus"},"content":{"rendered":"<figure id=\"attachment_2837\" aria-describedby=\"caption-attachment-2837\" style=\"width: 300px\" class=\"wp-caption alignleft\"><img fetchpriority=\"high\" decoding=\"async\" class=\"size-medium wp-image-2837\" src=\"https:\/\/art-bijoux.com\/wp-content\/uploads\/2024\/07\/Pendentif-petit-avec-2-carres-oranges-300x300.webp\" alt=\"Pendentif en verre bleu intense avec deux carr\u00e9s de verre orang\u00e9s fondus.\" width=\"300\" height=\"300\" srcset=\"https:\/\/art-bijoux.com\/wp-content\/uploads\/2024\/07\/Pendentif-petit-avec-2-carres-oranges-300x300.webp 300w, https:\/\/art-bijoux.com\/wp-content\/uploads\/2024\/07\/Pendentif-petit-avec-2-carres-oranges-150x150.webp 150w, https:\/\/art-bijoux.com\/wp-content\/uploads\/2024\/07\/Pendentif-petit-avec-2-carres-oranges-768x768.webp 768w, https:\/\/art-bijoux.com\/wp-content\/uploads\/2024\/07\/Pendentif-petit-avec-2-carres-oranges-600x600.webp 600w, https:\/\/art-bijoux.com\/wp-content\/uploads\/2024\/07\/Pendentif-petit-avec-2-carres-oranges-100x100.webp 100w, https:\/\/art-bijoux.com\/wp-content\/uploads\/2024\/07\/Pendentif-petit-avec-2-carres-oranges.webp 800w\" sizes=\"(max-width: 300px) 100vw, 300px\" \/><figcaption id=\"caption-attachment-2837\" class=\"wp-caption-text\">Pendentif en verre bleu intense avec deux carr\u00e9s de verre orang\u00e9s fondus.<\/figcaption><\/figure>\n<p>Le pendentif suivant est en verre bleu intense, r\u00e9cup\u00e9r\u00e9 dans mon stock de chutes de verres issus de mes vitraux. Il provient d&#8217;une exp\u00e9rience r\u00e9ussie : pour la premi\u00e8re fois, j\u2019ai essay\u00e9 de fondre des petits carr\u00e9s de verre color\u00e9. Je les ai dispos\u00e9s sur des chutes de verre bleu de France, prises telles qu\u2019elles dans mon stock de restes de vitraux, que je n\u2019ai pas retouch\u00e9es, ce qui explique leur forme ind\u00e9finissable.<\/p>\n<p>J\u2019ai mont\u00e9 la cuisson jusqu\u2019\u00e0 840\u00b0Celsius (1544 Fahrenheit). Si les pendentifs en verre dichro\u00efque n\u2019ont pas appr\u00e9ci\u00e9 cette temp\u00e9rature trop \u00e9lev\u00e9e et se sont cass\u00e9s, les carr\u00e9s ont rendu un aspect tout \u00e0 fait satisfaisant. J\u2019ai l\u00e9g\u00e8rement meul\u00e9 les bords et perc\u00e9 un orifice au sommet pour y passer un anneau en m\u00e9tal dor\u00e9, permettant de le suspendre \u00e0 une cha\u00eene ou un lacet.<\/p>\n<p>Caract\u00e9ristiques :<\/p>\n<ul>\n<li>Verre bleu intense<\/li>\n<li>Petit carr\u00e9s de verre color\u00e9 fusionn\u00e9s<\/li>\n<li>Dimensions : largeur : 2,8cm, hauteur: 3,7cm<\/li>\n<li>Bords l\u00e9g\u00e8rement meul\u00e9s<\/li>\n<li>Orifice au sommet avec anneau en m\u00e9tal dor\u00e9<\/li>\n<\/ul>\n<p>Ce pendentif est un bel exemple de r\u00e9cup\u00e9ration artistique, transformant des chutes de verre en une pi\u00e8ce unique et \u00e9l\u00e9gante, parfaite pour ajouter une touche d&#8217;originalit\u00e9 \u00e0 toute tenue.<\/p>\n","protected":false},"excerpt":{"rendered":"<p>Pendentif en verre bleu intense avec deux carr\u00e9s de verre orang\u00e9s fondus. Un anneau en m\u00e9tal dor\u00e9 a \u00e9t\u00e9 pass\u00e9 dans un orifice au sommet.<\/p>\n","protected":false},"featured_media":2837,"comment_status":"open","ping_status":"closed","template":"","meta":[],"product_brand":[],"product_cat":[182],"product_tag":[36,49,26],"class_list":{"0":"post-2842","1":"product","2":"type-product","3":"status-publish","4":"has-post-thumbnail","6":"product_cat-pendentif-fusing","7":"product_tag-verre-abstrait","8":"product_tag-fusing-verre","9":"product_tag-pendentif-verre","10":"pa_bijou-pendentif","12":"first","13":"instock","14":"purchasable","15":"product-type-simple"},"yoast_head":"<!-- This site is optimized with the Yoast SEO plugin v27.4 - https:\/\/yoast.com\/product\/yoast-seo-wordpress\/ -->\n<title>Pendentif en Verre Bleu Intense avec des Carr\u00e9s Orang\u00e9s Fondus - art-bijoux<\/title>\n<meta name=\"description\" content=\"Pendentif en verre bleu intense avec deux carr\u00e9s de verre orang\u00e9s fondus. Un anneau en m\u00e9tal dor\u00e9 a \u00e9t\u00e9 pass\u00e9 dans un orifice au sommet.\" \/>\n<meta name=\"robots\" content=\"index, follow, max-snippet:-1, max-image-preview:large, max-video-preview:-1\" \/>\n<link rel=\"canonical\" href=\"https:\/\/art-bijoux.com\/en\/boutique\/pendentif-en-verre-bleu-intense-avec-des-carres-oranges-fondus\/\" \/>\n<meta property=\"og:locale\" content=\"en_US\" \/>\n<meta property=\"og:type\" content=\"article\" \/>\n<meta property=\"og:title\" content=\"Pendentif en Verre Bleu Intense avec des Carr\u00e9s Orang\u00e9s Fondus - art-bijoux\" \/>\n<meta property=\"og:description\" content=\"Pendentif en verre bleu intense avec deux carr\u00e9s de verre orang\u00e9s fondus. Un anneau en m\u00e9tal dor\u00e9 a \u00e9t\u00e9 pass\u00e9 dans un orifice au sommet.\" \/>\n<meta property=\"og:url\" content=\"https:\/\/art-bijoux.com\/en\/boutique\/pendentif-en-verre-bleu-intense-avec-des-carres-oranges-fondus\/\" \/>\n<meta property=\"og:site_name\" content=\"art-bijoux\" \/>\n<meta property=\"article:modified_time\" content=\"2024-07-06T16:16:23+00:00\" \/>\n<meta property=\"og:image\" content=\"https:\/\/art-bijoux.com\/wp-content\/uploads\/2024\/07\/Pendentif-petit-avec-2-carres-oranges.webp\" \/>\n\t<meta property=\"og:image:width\" content=\"800\" \/>\n\t<meta property=\"og:image:height\" content=\"800\" \/>\n\t<meta property=\"og:image:type\" content=\"image\/webp\" \/>\n<meta name=\"twitter:card\" content=\"summary_large_image\" \/>\n<meta name=\"twitter:label1\" content=\"Est. reading time\" \/>\n\t<meta name=\"twitter:data1\" content=\"2 minutes\" \/>\n<script type=\"application\/ld+json\" class=\"yoast-schema-graph\">{\"@context\":\"https:\\\/\\\/schema.org\",\"@graph\":[{\"@type\":\"WebPage\",\"@id\":\"https:\\\/\\\/art-bijoux.com\\\/en\\\/boutique\\\/pendentif-en-verre-bleu-intense-avec-des-carres-oranges-fondus\\\/\",\"url\":\"https:\\\/\\\/art-bijoux.com\\\/en\\\/boutique\\\/pendentif-en-verre-bleu-intense-avec-des-carres-oranges-fondus\\\/\",\"name\":\"Pendentif en Verre Bleu Intense avec des Carr\u00e9s Orang\u00e9s Fondus - art-bijoux\",\"isPartOf\":{\"@id\":\"https:\\\/\\\/art-bijoux.com\\\/en\\\/#website\"},\"primaryImageOfPage\":{\"@id\":\"https:\\\/\\\/art-bijoux.com\\\/en\\\/boutique\\\/pendentif-en-verre-bleu-intense-avec-des-carres-oranges-fondus\\\/#primaryimage\"},\"image\":{\"@id\":\"https:\\\/\\\/art-bijoux.com\\\/en\\\/boutique\\\/pendentif-en-verre-bleu-intense-avec-des-carres-oranges-fondus\\\/#primaryimage\"},\"thumbnailUrl\":\"https:\\\/\\\/art-bijoux.com\\\/wp-content\\\/uploads\\\/2024\\\/07\\\/Pendentif-petit-avec-2-carres-oranges.webp\",\"datePublished\":\"2024-07-06T16:12:37+00:00\",\"dateModified\":\"2024-07-06T16:16:23+00:00\",\"description\":\"Pendentif en verre bleu intense avec deux carr\u00e9s de verre orang\u00e9s fondus. Un anneau en m\u00e9tal dor\u00e9 a \u00e9t\u00e9 pass\u00e9 dans un orifice au sommet.\",\"breadcrumb\":{\"@id\":\"https:\\\/\\\/art-bijoux.com\\\/en\\\/boutique\\\/pendentif-en-verre-bleu-intense-avec-des-carres-oranges-fondus\\\/#breadcrumb\"},\"inLanguage\":\"en-US\",\"potentialAction\":[{\"@type\":\"ReadAction\",\"target\":[\"https:\\\/\\\/art-bijoux.com\\\/en\\\/boutique\\\/pendentif-en-verre-bleu-intense-avec-des-carres-oranges-fondus\\\/\"]}]},{\"@type\":\"ImageObject\",\"inLanguage\":\"en-US\",\"@id\":\"https:\\\/\\\/art-bijoux.com\\\/en\\\/boutique\\\/pendentif-en-verre-bleu-intense-avec-des-carres-oranges-fondus\\\/#primaryimage\",\"url\":\"https:\\\/\\\/art-bijoux.com\\\/wp-content\\\/uploads\\\/2024\\\/07\\\/Pendentif-petit-avec-2-carres-oranges.webp\",\"contentUrl\":\"https:\\\/\\\/art-bijoux.com\\\/wp-content\\\/uploads\\\/2024\\\/07\\\/Pendentif-petit-avec-2-carres-oranges.webp\",\"width\":800,\"height\":800,\"caption\":\"Pendentif en verre bleu intense avec deux carr\u00e9s de verre orang\u00e9s fondus.\"},{\"@type\":\"BreadcrumbList\",\"@id\":\"https:\\\/\\\/art-bijoux.com\\\/en\\\/boutique\\\/pendentif-en-verre-bleu-intense-avec-des-carres-oranges-fondus\\\/#breadcrumb\",\"itemListElement\":[{\"@type\":\"ListItem\",\"position\":1,\"name\":\"Accueil\",\"item\":\"https:\\\/\\\/art-bijoux.com\\\/en\\\/home\\\/\"},{\"@type\":\"ListItem\",\"position\":2,\"name\":\"Shop\",\"item\":\"https:\\\/\\\/art-bijoux.com\\\/en\\\/shop\\\/\"},{\"@type\":\"ListItem\",\"position\":3,\"name\":\"Pendentif en Verre Bleu Intense avec des Carr\u00e9s Orang\u00e9s Fondus\"}]},{\"@type\":\"WebSite\",\"@id\":\"https:\\\/\\\/art-bijoux.com\\\/en\\\/#website\",\"url\":\"https:\\\/\\\/art-bijoux.com\\\/en\\\/\",\"name\":\"art-bijoux\",\"description\":\"Osez porter \\\/ offrir un vitrail unique \u00e0 prix abordable\",\"publisher\":{\"@id\":\"https:\\\/\\\/art-bijoux.com\\\/en\\\/#organization\"},\"potentialAction\":[{\"@type\":\"SearchAction\",\"target\":{\"@type\":\"EntryPoint\",\"urlTemplate\":\"https:\\\/\\\/art-bijoux.com\\\/en\\\/?s={search_term_string}\"},\"query-input\":{\"@type\":\"PropertyValueSpecification\",\"valueRequired\":true,\"valueName\":\"search_term_string\"}}],\"inLanguage\":\"en-US\"},{\"@type\":\"Organization\",\"@id\":\"https:\\\/\\\/art-bijoux.com\\\/en\\\/#organization\",\"name\":\"art-bijoux\",\"url\":\"https:\\\/\\\/art-bijoux.com\\\/en\\\/\",\"logo\":{\"@type\":\"ImageObject\",\"inLanguage\":\"en-US\",\"@id\":\"https:\\\/\\\/art-bijoux.com\\\/en\\\/#\\\/schema\\\/logo\\\/image\\\/\",\"url\":\"https:\\\/\\\/art-bijoux.com\\\/wp-content\\\/uploads\\\/2024\\\/06\\\/Art-Bijoux-Logo-Small.png\",\"contentUrl\":\"https:\\\/\\\/art-bijoux.com\\\/wp-content\\\/uploads\\\/2024\\\/06\\\/Art-Bijoux-Logo-Small.png\",\"width\":722,\"height\":137,\"caption\":\"art-bijoux\"},\"image\":{\"@id\":\"https:\\\/\\\/art-bijoux.com\\\/en\\\/#\\\/schema\\\/logo\\\/image\\\/\"}}]}<\/script>\n<!-- \/ Yoast SEO plugin. -->","yoast_head_json":{"title":"Pendentif en Verre Bleu Intense avec des Carr\u00e9s Orang\u00e9s Fondus - art-bijoux","description":"Pendentif en verre bleu intense avec deux carr\u00e9s de verre orang\u00e9s fondus. Un anneau en m\u00e9tal dor\u00e9 a \u00e9t\u00e9 pass\u00e9 dans un orifice au sommet.","robots":{"index":"index","follow":"follow","max-snippet":"max-snippet:-1","max-image-preview":"max-image-preview:large","max-video-preview":"max-video-preview:-1"},"canonical":"https:\/\/art-bijoux.com\/en\/boutique\/pendentif-en-verre-bleu-intense-avec-des-carres-oranges-fondus\/","og_locale":"en_US","og_type":"article","og_title":"Pendentif en Verre Bleu Intense avec des Carr\u00e9s Orang\u00e9s Fondus - art-bijoux","og_description":"Pendentif en verre bleu intense avec deux carr\u00e9s de verre orang\u00e9s fondus. Un anneau en m\u00e9tal dor\u00e9 a \u00e9t\u00e9 pass\u00e9 dans un orifice au sommet.","og_url":"https:\/\/art-bijoux.com\/en\/boutique\/pendentif-en-verre-bleu-intense-avec-des-carres-oranges-fondus\/","og_site_name":"art-bijoux","article_modified_time":"2024-07-06T16:16:23+00:00","og_image":[{"width":800,"height":800,"url":"https:\/\/art-bijoux.com\/wp-content\/uploads\/2024\/07\/Pendentif-petit-avec-2-carres-oranges.webp","type":"image\/webp"}],"twitter_card":"summary_large_image","twitter_misc":{"Est. reading time":"2 minutes"},"schema":{"@context":"https:\/\/schema.org","@graph":[{"@type":"WebPage","@id":"https:\/\/art-bijoux.com\/en\/boutique\/pendentif-en-verre-bleu-intense-avec-des-carres-oranges-fondus\/","url":"https:\/\/art-bijoux.com\/en\/boutique\/pendentif-en-verre-bleu-intense-avec-des-carres-oranges-fondus\/","name":"Pendentif en Verre Bleu Intense avec des Carr\u00e9s Orang\u00e9s Fondus - art-bijoux","isPartOf":{"@id":"https:\/\/art-bijoux.com\/en\/#website"},"primaryImageOfPage":{"@id":"https:\/\/art-bijoux.com\/en\/boutique\/pendentif-en-verre-bleu-intense-avec-des-carres-oranges-fondus\/#primaryimage"},"image":{"@id":"https:\/\/art-bijoux.com\/en\/boutique\/pendentif-en-verre-bleu-intense-avec-des-carres-oranges-fondus\/#primaryimage"},"thumbnailUrl":"https:\/\/art-bijoux.com\/wp-content\/uploads\/2024\/07\/Pendentif-petit-avec-2-carres-oranges.webp","datePublished":"2024-07-06T16:12:37+00:00","dateModified":"2024-07-06T16:16:23+00:00","description":"Pendentif en verre bleu intense avec deux carr\u00e9s de verre orang\u00e9s fondus. Un anneau en m\u00e9tal dor\u00e9 a \u00e9t\u00e9 pass\u00e9 dans un orifice au sommet.","breadcrumb":{"@id":"https:\/\/art-bijoux.com\/en\/boutique\/pendentif-en-verre-bleu-intense-avec-des-carres-oranges-fondus\/#breadcrumb"},"inLanguage":"en-US","potentialAction":[{"@type":"ReadAction","target":["https:\/\/art-bijoux.com\/en\/boutique\/pendentif-en-verre-bleu-intense-avec-des-carres-oranges-fondus\/"]}]},{"@type":"ImageObject","inLanguage":"en-US","@id":"https:\/\/art-bijoux.com\/en\/boutique\/pendentif-en-verre-bleu-intense-avec-des-carres-oranges-fondus\/#primaryimage","url":"https:\/\/art-bijoux.com\/wp-content\/uploads\/2024\/07\/Pendentif-petit-avec-2-carres-oranges.webp","contentUrl":"https:\/\/art-bijoux.com\/wp-content\/uploads\/2024\/07\/Pendentif-petit-avec-2-carres-oranges.webp","width":800,"height":800,"caption":"Pendentif en verre bleu intense avec deux carr\u00e9s de verre orang\u00e9s fondus."},{"@type":"BreadcrumbList","@id":"https:\/\/art-bijoux.com\/en\/boutique\/pendentif-en-verre-bleu-intense-avec-des-carres-oranges-fondus\/#breadcrumb","itemListElement":[{"@type":"ListItem","position":1,"name":"Accueil","item":"https:\/\/art-bijoux.com\/en\/home\/"},{"@type":"ListItem","position":2,"name":"Shop","item":"https:\/\/art-bijoux.com\/en\/shop\/"},{"@type":"ListItem","position":3,"name":"Pendentif en Verre Bleu Intense avec des Carr\u00e9s Orang\u00e9s Fondus"}]},{"@type":"WebSite","@id":"https:\/\/art-bijoux.com\/en\/#website","url":"https:\/\/art-bijoux.com\/en\/","name":"art-bijoux","description":"Osez porter \/ offrir un vitrail unique \u00e0 prix abordable","publisher":{"@id":"https:\/\/art-bijoux.com\/en\/#organization"},"potentialAction":[{"@type":"SearchAction","target":{"@type":"EntryPoint","urlTemplate":"https:\/\/art-bijoux.com\/en\/?s={search_term_string}"},"query-input":{"@type":"PropertyValueSpecification","valueRequired":true,"valueName":"search_term_string"}}],"inLanguage":"en-US"},{"@type":"Organization","@id":"https:\/\/art-bijoux.com\/en\/#organization","name":"art-bijoux","url":"https:\/\/art-bijoux.com\/en\/","logo":{"@type":"ImageObject","inLanguage":"en-US","@id":"https:\/\/art-bijoux.com\/en\/#\/schema\/logo\/image\/","url":"https:\/\/art-bijoux.com\/wp-content\/uploads\/2024\/06\/Art-Bijoux-Logo-Small.png","contentUrl":"https:\/\/art-bijoux.com\/wp-content\/uploads\/2024\/06\/Art-Bijoux-Logo-Small.png","width":722,"height":137,"caption":"art-bijoux"},"image":{"@id":"https:\/\/art-bijoux.com\/en\/#\/schema\/logo\/image\/"}}]}},"_links":{"self":[{"href":"https:\/\/art-bijoux.com\/en\/wp-json\/wp\/v2\/product\/2842","targetHints":{"allow":["GET"]}}],"collection":[{"href":"https:\/\/art-bijoux.com\/en\/wp-json\/wp\/v2\/product"}],"about":[{"href":"https:\/\/art-bijoux.com\/en\/wp-json\/wp\/v2\/types\/product"}],"replies":[{"embeddable":true,"href":"https:\/\/art-bijoux.com\/en\/wp-json\/wp\/v2\/comments?post=2842"}],"version-history":[{"count":0,"href":"https:\/\/art-bijoux.com\/en\/wp-json\/wp\/v2\/product\/2842\/revisions"}],"wp:featuredmedia":[{"embeddable":true,"href":"https:\/\/art-bijoux.com\/en\/wp-json\/wp\/v2\/media\/2837"}],"wp:attachment":[{"href":"https:\/\/art-bijoux.com\/en\/wp-json\/wp\/v2\/media?parent=2842"}],"wp:term":[{"taxonomy":"product_brand","embeddable":true,"href":"https:\/\/art-bijoux.com\/en\/wp-json\/wp\/v2\/product_brand?post=2842"},{"taxonomy":"product_cat","embeddable":true,"href":"https:\/\/art-bijoux.com\/en\/wp-json\/wp\/v2\/product_cat?post=2842"},{"taxonomy":"product_tag","embeddable":true,"href":"https:\/\/art-bijoux.com\/en\/wp-json\/wp\/v2\/product_tag?post=2842"}],"curies":[{"name":"wp","href":"https:\/\/api.w.org\/{rel}","templated":true}]}}