{"id":4222,"date":"2025-01-19T11:01:43","date_gmt":"2025-01-19T10:01:43","guid":{"rendered":"https:\/\/art-bijoux.com\/?post_type=product&#038;p=4222"},"modified":"2026-03-12T16:29:39","modified_gmt":"2026-03-12T15:29:39","slug":"4222-pendentif-coeur-saintvalentin","status":"publish","type":"product","link":"https:\/\/art-bijoux.com\/en\/boutique\/4222-pendentif-coeur-saintvalentin\/","title":{"rendered":"Deux C\u0153urs \u00e0 l&#8217;unisson &#8211; Pendentifs Ajust\u00e9s en verre recycl\u00e9 et Arbre de Vie en M\u00e9tal"},"content":{"rendered":"<figure id=\"attachment_4223\" aria-describedby=\"caption-attachment-4223\" style=\"width: 300px\" class=\"wp-caption alignleft\"><img fetchpriority=\"high\" decoding=\"async\" class=\"size-medium wp-image-4223\" src=\"https:\/\/art-bijoux.com\/wp-content\/uploads\/2025\/01\/Duo-de-coeur-c-300x285.jpg\" alt=\"Deux c\u0153urs en verre recycl\u00e9 qui s'embo\u00eetent\" width=\"300\" height=\"285\" srcset=\"https:\/\/art-bijoux.com\/wp-content\/uploads\/2025\/01\/Duo-de-coeur-c-300x285.jpg 300w, https:\/\/art-bijoux.com\/wp-content\/uploads\/2025\/01\/Duo-de-coeur-c-1024x973.jpg 1024w, https:\/\/art-bijoux.com\/wp-content\/uploads\/2025\/01\/Duo-de-coeur-c-768x729.jpg 768w, https:\/\/art-bijoux.com\/wp-content\/uploads\/2025\/01\/Duo-de-coeur-c-600x570.jpg 600w, https:\/\/art-bijoux.com\/wp-content\/uploads\/2025\/01\/Duo-de-coeur-c.jpg 1137w\" sizes=\"(max-width: 300px) 100vw, 300px\" \/><figcaption id=\"caption-attachment-4223\" class=\"wp-caption-text\">Deux c\u0153urs en verre recycl\u00e9 qui s&#8217;embo\u00eetent<\/figcaption><\/figure>\n<p>Cette cr\u00e9ation artisanale se compose de deux pendentifs en forme de c\u0153ur, dont les contours s&#8217;embo\u00eetent parfaitement, symbolisant le partage et la compl\u00e9mentarit\u00e9 dans l\u2019amour. Chaque c\u0153ur est r\u00e9alis\u00e9 \u00e0 partir de deux morceaux de verre recycl\u00e9 provenant de vitraux : un rouge colorescent, vibrant et lumineux, et un gris fonc\u00e9 orn\u00e9 d\u2019iridescences multicolores.<\/p>\n<p>Chaque pendentif est agr\u00e9ment\u00e9 d\u2019une breloque repr\u00e9sentant un arbre de vie avec un c\u0153ur en son centre, l\u2019un en m\u00e9tal dor\u00e9 et l\u2019autre en m\u00e9tal argent\u00e9, apportant une symbolique suppl\u00e9mentaire d\u2019\u00e9quilibre et de connexion. Les anneaux, solidement soud\u00e9s \u00e0 la surface, permettent de les porter individuellement sur une cha\u00eene ou un lacet. Ces c\u0153urs embo\u00eet\u00e9s permettent \u00e0 chacun des deux amoureux de porter l\u2019amour de l\u2019autre, un hommage po\u00e9tique et touchant \u00e0 la compl\u00e9mentarit\u00e9 des liens.<\/p>\n<h3>Caract\u00e9ristiques des pendentifs :<\/h3>\n<ul>\n<li><strong>Forme et concept<\/strong> : Deux c\u0153urs qui suivent la m\u00eame courbure, repr\u00e9sentant le partage dans l\u2019amour<\/li>\n<li><strong>Mat\u00e9riaux principaux<\/strong> :\n<ul>\n<li>Verre recycl\u00e9 r\u00e9cup\u00e9r\u00e9 sur des vitraux : rouge colorescent et gris fonc\u00e9 avec iridescences multicolores<\/li>\n<li>Breloques en m\u00e9tal :\n<ul>\n<li>Arbre de vie dor\u00e9 sur le pendentif gris fonc\u00e9<\/li>\n<li>Arbre de vie argent\u00e9 sur le pendentif orange<\/li>\n<\/ul>\n<\/li>\n<\/ul>\n<\/li>\n<li><strong>Symbolique<\/strong> : L\u2019amour partag\u00e9 et la compl\u00e9mentarit\u00e9 entre deux \u00eatres<\/li>\n<li><strong>Finition<\/strong> : Anneaux solidement soud\u00e9s pour permettre de les porter en pendentifs sur une cha\u00eene ou un lacet<\/li>\n<li><strong>Style<\/strong> : \u00c9clatant, artisanal et riche en significations<\/li>\n<\/ul>\n","protected":false},"excerpt":{"rendered":"<p>2 Pendentifs en forme de c\u0153ur, un gris fonc\u00e9 et un orange, en verre r\u00e9cup\u00e9r\u00e9 sur de grands vitraux. Des arbres de vie en m\u00e9tal ont \u00e9t\u00e9 fix\u00e9s<\/p>\n","protected":false},"featured_media":4223,"comment_status":"open","ping_status":"closed","template":"","meta":[],"product_brand":[],"product_cat":[176,277,28],"product_tag":[29,26],"class_list":{"0":"post-4222","1":"product","2":"type-product","3":"status-publish","4":"has-post-thumbnail","6":"product_cat-breloque-bijou-verre","7":"product_cat-saintvalentin-coeur-bijou","8":"product_cat-pendentif-tiffany","9":"product_tag-breloque-metal-pierre","10":"product_tag-pendentif-verre","11":"pa_bijou-pendentif","12":"pa_breloque-arbre-vie","14":"first","15":"outofstock","16":"purchasable","17":"product-type-simple"},"_links":{"self":[{"href":"https:\/\/art-bijoux.com\/en\/wp-json\/wp\/v2\/product\/4222","targetHints":{"allow":["GET"]}}],"collection":[{"href":"https:\/\/art-bijoux.com\/en\/wp-json\/wp\/v2\/product"}],"about":[{"href":"https:\/\/art-bijoux.com\/en\/wp-json\/wp\/v2\/types\/product"}],"replies":[{"embeddable":true,"href":"https:\/\/art-bijoux.com\/en\/wp-json\/wp\/v2\/comments?post=4222"}],"version-history":[{"count":2,"href":"https:\/\/art-bijoux.com\/en\/wp-json\/wp\/v2\/product\/4222\/revisions"}],"predecessor-version":[{"id":6349,"href":"https:\/\/art-bijoux.com\/en\/wp-json\/wp\/v2\/product\/4222\/revisions\/6349"}],"wp:featuredmedia":[{"embeddable":true,"href":"https:\/\/art-bijoux.com\/en\/wp-json\/wp\/v2\/media\/4223"}],"wp:attachment":[{"href":"https:\/\/art-bijoux.com\/en\/wp-json\/wp\/v2\/media?parent=4222"}],"wp:term":[{"taxonomy":"product_brand","embeddable":true,"href":"https:\/\/art-bijoux.com\/en\/wp-json\/wp\/v2\/product_brand?post=4222"},{"taxonomy":"product_cat","embeddable":true,"href":"https:\/\/art-bijoux.com\/en\/wp-json\/wp\/v2\/product_cat?post=4222"},{"taxonomy":"product_tag","embeddable":true,"href":"https:\/\/art-bijoux.com\/en\/wp-json\/wp\/v2\/product_tag?post=4222"}],"curies":[{"name":"wp","href":"https:\/\/api.w.org\/{rel}","templated":true}]}}