{"id":4797,"date":"2025-03-05T15:33:31","date_gmt":"2025-03-05T14:33:31","guid":{"rendered":"https:\/\/art-bijoux.com\/?post_type=product&#038;p=4797"},"modified":"2025-11-22T11:01:13","modified_gmt":"2025-11-22T10:01:13","slug":"pendentif-branche-verre-fusing-5","status":"publish","type":"product","link":"https:\/\/art-bijoux.com\/en\/boutique\/pendentif-branche-verre-fusing-5\/","title":{"rendered":"\u00c9treinte d&#8217;aurore ambr\u00e9e \u2013 Pendentif po\u00e9tique aux tons clairs et translucides"},"content":{"rendered":"<figure id=\"attachment_4783\" aria-describedby=\"caption-attachment-4783\" style=\"width: 169px\" class=\"wp-caption alignleft\"><img fetchpriority=\"high\" decoding=\"async\" class=\"size-medium wp-image-4783\" src=\"https:\/\/art-bijoux.com\/wp-content\/uploads\/2025\/03\/Branche-5-collier-169x300.jpg\" alt=\"Branche orange collier\" width=\"169\" height=\"300\" srcset=\"https:\/\/art-bijoux.com\/wp-content\/uploads\/2025\/03\/Branche-5-collier-169x300.jpg 169w, https:\/\/art-bijoux.com\/wp-content\/uploads\/2025\/03\/Branche-5-collier-576x1024.jpg 576w, https:\/\/art-bijoux.com\/wp-content\/uploads\/2025\/03\/Branche-5-collier-768x1365.jpg 768w, https:\/\/art-bijoux.com\/wp-content\/uploads\/2025\/03\/Branche-5-collier-864x1536.jpg 864w, https:\/\/art-bijoux.com\/wp-content\/uploads\/2025\/03\/Branche-5-collier-600x1067.jpg 600w, https:\/\/art-bijoux.com\/wp-content\/uploads\/2025\/03\/Branche-5-collier.jpg 1080w\" sizes=\"(max-width: 169px) 100vw, 169px\" \/><figcaption id=\"caption-attachment-4783\" class=\"wp-caption-text\">Branche orange collier<\/figcaption><\/figure>\n<p data-start=\"65\" data-end=\"428\">Ce pendentif est une pi\u00e8ce unique, r\u00e9alis\u00e9e \u00e0 partir d&#8217;\u00e9clats de verre issus du vitrail <em data-start=\"159\" data-end=\"176\">Paysage Baroque<\/em> . Chaque fragment a \u00e9t\u00e9 soigneusement r\u00e9cup\u00e9r\u00e9, fondu sur du verre \u00e0 vitre transparent cass\u00e9, puis pass\u00e9 au four pour fusionner. Une fois la cuisson achev\u00e9e, les pi\u00e8ces ont \u00e9t\u00e9 meul\u00e9es pour r\u00e9v\u00e9ler toute la profondeur et la beaut\u00e9 des nuances de verre.<\/p>\n<p data-start=\"430\" data-end=\"695\">Chaque \u00e9clat est ensuite d\u00e9licatement enserr\u00e9 dans une monture en forme de branche, en m\u00e9tal dor\u00e9, qui \u00e9pouse ses contours naturels et sublime son \u00e9clat. Ce travail minutieux conf\u00e8re \u00e0 chaque bijou une touche organique et raffin\u00e9e, inspir\u00e9e de la nature.<\/p>\n<p data-start=\"697\" data-end=\"886\">\ud83c\udf3f <strong data-start=\"700\" data-end=\"721\">Un bijou engag\u00e9 :<\/strong> En plus d&#8217;\u00eatre un accessoire \u00e9l\u00e9gant, ces pendentifs sont le fruit d&#8217;une d\u00e9marche \u00e9co-responsable, valorisant le recyclage du verre pour lui offrir une seconde vie.<\/p>\n<p data-start=\"888\" data-end=\"915\">\ud83d\udccf <strong data-start=\"891\" data-end=\"913\">Caract\u00e9ristiques :<\/strong><\/p>\n<ul data-start=\"916\" data-end=\"1187\">\n<li data-start=\"916\" data-end=\"1008\"><strong data-start=\"918\" data-end=\"932\">Mat\u00e9riau :<\/strong> Verre fusionn\u00e9 issu d&#8217;un vitrail ancien, monture en m\u00e9tal dor\u00e9 ou argent\u00e9<\/li>\n<li data-start=\"1009\" data-end=\"1059\"><strong data-start=\"1011\" data-end=\"1026\">Technique :<\/strong> Fusing et sertissage artisanal<\/li>\n<li data-start=\"1060\" data-end=\"1107\"><strong data-start=\"1062\" data-end=\"1078\">Dimensions :<\/strong> Variables selon les \u00e9clats<\/li>\n<li data-start=\"1108\" data-end=\"1187\"><strong data-start=\"1110\" data-end=\"1128\">Pi\u00e8ce unique :<\/strong> Chaque pendentif a une forme et une structure diff\u00e9rente<\/li>\n<\/ul>\n","protected":false},"excerpt":{"rendered":"<p>Pendentif unique, orange, en verre r\u00e9cup\u00e9r\u00e9 et fondu; enserr\u00e9 dans une branche en m\u00e9tal dor\u00e9.<\/p>\n","protected":false},"featured_media":4783,"comment_status":"open","ping_status":"closed","template":"","meta":[],"product_brand":[],"product_cat":[182,24],"product_tag":[49,26],"class_list":{"0":"post-4797","1":"product","2":"type-product","3":"status-publish","4":"has-post-thumbnail","6":"product_cat-pendentif-fusing","7":"product_cat-diversite-oeuvres-art","8":"product_tag-fusing-verre","9":"product_tag-pendentif-verre","10":"pa_bijou-pendentif","12":"first","13":"instock","14":"purchasable","15":"product-type-simple"},"_links":{"self":[{"href":"https:\/\/art-bijoux.com\/en\/wp-json\/wp\/v2\/product\/4797","targetHints":{"allow":["GET"]}}],"collection":[{"href":"https:\/\/art-bijoux.com\/en\/wp-json\/wp\/v2\/product"}],"about":[{"href":"https:\/\/art-bijoux.com\/en\/wp-json\/wp\/v2\/types\/product"}],"replies":[{"embeddable":true,"href":"https:\/\/art-bijoux.com\/en\/wp-json\/wp\/v2\/comments?post=4797"}],"version-history":[{"count":1,"href":"https:\/\/art-bijoux.com\/en\/wp-json\/wp\/v2\/product\/4797\/revisions"}],"predecessor-version":[{"id":6028,"href":"https:\/\/art-bijoux.com\/en\/wp-json\/wp\/v2\/product\/4797\/revisions\/6028"}],"wp:featuredmedia":[{"embeddable":true,"href":"https:\/\/art-bijoux.com\/en\/wp-json\/wp\/v2\/media\/4783"}],"wp:attachment":[{"href":"https:\/\/art-bijoux.com\/en\/wp-json\/wp\/v2\/media?parent=4797"}],"wp:term":[{"taxonomy":"product_brand","embeddable":true,"href":"https:\/\/art-bijoux.com\/en\/wp-json\/wp\/v2\/product_brand?post=4797"},{"taxonomy":"product_cat","embeddable":true,"href":"https:\/\/art-bijoux.com\/en\/wp-json\/wp\/v2\/product_cat?post=4797"},{"taxonomy":"product_tag","embeddable":true,"href":"https:\/\/art-bijoux.com\/en\/wp-json\/wp\/v2\/product_tag?post=4797"}],"curies":[{"name":"wp","href":"https:\/\/api.w.org\/{rel}","templated":true}]}}