{"id":4798,"date":"2025-03-05T15:43:17","date_gmt":"2025-03-05T14:43:17","guid":{"rendered":"https:\/\/art-bijoux.com\/?post_type=product&#038;p=4798"},"modified":"2026-03-13T10:41:14","modified_gmt":"2026-03-13T09:41:14","slug":"pendentif-branche-verre-fusing-3","status":"publish","type":"product","link":"https:\/\/art-bijoux.com\/en\/boutique\/pendentif-branche-verre-fusing-3\/","title":{"rendered":"Branche de nuit rubis \u2013 \u200b\u200bPendentif grenat mont\u00e9 sur une branche de m\u00e9tal argent\u00e9, symbolisant la force et la pers\u00e9v\u00e9rance"},"content":{"rendered":"<figure id=\"attachment_4773\" aria-describedby=\"caption-attachment-4773\" style=\"width: 169px\" class=\"wp-caption alignleft\"><img fetchpriority=\"high\" decoding=\"async\" class=\"size-medium wp-image-4773\" src=\"https:\/\/art-bijoux.com\/wp-content\/uploads\/2025\/03\/Branche-3-face-collier-169x300.jpg\" alt=\"Branche grenat collier\" width=\"169\" height=\"300\" srcset=\"https:\/\/art-bijoux.com\/wp-content\/uploads\/2025\/03\/Branche-3-face-collier-169x300.jpg 169w, https:\/\/art-bijoux.com\/wp-content\/uploads\/2025\/03\/Branche-3-face-collier-576x1024.jpg 576w, https:\/\/art-bijoux.com\/wp-content\/uploads\/2025\/03\/Branche-3-face-collier-768x1365.jpg 768w, https:\/\/art-bijoux.com\/wp-content\/uploads\/2025\/03\/Branche-3-face-collier-864x1536.jpg 864w, https:\/\/art-bijoux.com\/wp-content\/uploads\/2025\/03\/Branche-3-face-collier-600x1067.jpg 600w, https:\/\/art-bijoux.com\/wp-content\/uploads\/2025\/03\/Branche-3-face-collier.jpg 1080w\" sizes=\"(max-width: 169px) 100vw, 169px\" \/><figcaption id=\"caption-attachment-4773\" class=\"wp-caption-text\">Branche grenat collier<\/figcaption><\/figure>\n<p data-start=\"65\" data-end=\"428\">Ce pendentif est une pi\u00e8ce unique, r\u00e9alis\u00e9e \u00e0 partir d&#8217;\u00e9clats de verre issus du vitrail <em data-start=\"159\" data-end=\"176\">Paysage Baroque<\/em> . Chaque fragment a \u00e9t\u00e9 soigneusement r\u00e9cup\u00e9r\u00e9, fondu sur du verre \u00e0 vitre transparent cass\u00e9, puis pass\u00e9 au four pour fusionner. Une fois la cuisson achev\u00e9e, les pi\u00e8ces ont \u00e9t\u00e9 meul\u00e9es pour r\u00e9v\u00e9ler toute la profondeur et la beaut\u00e9 des nuances de verre.<\/p>\n<p data-start=\"430\" data-end=\"695\">Chaque \u00e9clat est ensuite d\u00e9licatement enserr\u00e9 dans une monture en forme de branche, en m\u00e9tal dor\u00e9, qui \u00e9pouse ses contours naturels et sublime son \u00e9clat. Ce travail minutieux conf\u00e8re \u00e0 chaque bijou une touche organique et raffin\u00e9e, inspir\u00e9e de la nature.<\/p>\n<p data-start=\"697\" data-end=\"886\">\ud83c\udf3f <strong data-start=\"700\" data-end=\"721\">Un bijou engag\u00e9 :<\/strong> En plus d&#8217;\u00eatre un accessoire \u00e9l\u00e9gant, ces pendentifs sont le fruit d&#8217;une d\u00e9marche \u00e9co-responsable, valorisant le recyclage du verre pour lui offrir une seconde vie.<\/p>\n<p data-start=\"888\" data-end=\"915\">\ud83d\udccf <strong data-start=\"891\" data-end=\"913\">Caract\u00e9ristiques :<\/strong><\/p>\n<ul data-start=\"916\" data-end=\"1187\">\n<li data-start=\"916\" data-end=\"1008\"><strong data-start=\"918\" data-end=\"932\">Mat\u00e9riau :<\/strong> Verre fusionn\u00e9 issu d&#8217;un vitrail ancien, monture en m\u00e9tal argent\u00e9<\/li>\n<li data-start=\"1009\" data-end=\"1059\"><strong data-start=\"1011\" data-end=\"1026\">Technique :<\/strong> Fusing et sertissage artisanal<\/li>\n<li data-start=\"1060\" data-end=\"1107\"><strong data-start=\"1062\" data-end=\"1078\">Dimensions :<\/strong> Variables selon les \u00e9clats<\/li>\n<li data-start=\"1108\" data-end=\"1187\"><strong data-start=\"1110\" data-end=\"1128\">Pi\u00e8ce unique :<\/strong> Chaque pendentif a une forme et une structure diff\u00e9rente<\/li>\n<\/ul>\n","protected":false},"excerpt":{"rendered":"<p>Pendentif unique, grenat, en verre r\u00e9cup\u00e9r\u00e9 et fondu, enserr\u00e9 dans une branche en m\u00e9tal argent\u00e9.<\/p>\n","protected":false},"featured_media":4763,"comment_status":"open","ping_status":"closed","template":"","meta":[],"product_brand":[],"product_cat":[182,24],"product_tag":[49,26],"class_list":{"0":"post-4798","1":"product","2":"type-product","3":"status-publish","4":"has-post-thumbnail","6":"product_cat-pendentif-fusing","7":"product_cat-diversite-oeuvres-art","8":"product_tag-fusing-verre","9":"product_tag-pendentif-verre","10":"pa_bijou-pendentif","12":"first","13":"outofstock","14":"purchasable","15":"product-type-simple"},"yoast_head":"<!-- This site is optimized with the Yoast SEO plugin v27.4 - https:\/\/yoast.com\/product\/yoast-seo-wordpress\/ -->\n<title>Branche de nuit rubis \u2013 \u200b\u200bPendentif grenat mont\u00e9 sur une branche de m\u00e9tal argent\u00e9, symbolisant la force et la pers\u00e9v\u00e9rance - art-bijoux<\/title>\n<meta name=\"description\" content=\"Pendentif unique, grenat, en verre r\u00e9cup\u00e9r\u00e9 et fondu, enserr\u00e9 dans une branche en m\u00e9tal argent\u00e9.\" \/>\n<meta name=\"robots\" content=\"index, follow, max-snippet:-1, max-image-preview:large, max-video-preview:-1\" \/>\n<link rel=\"canonical\" href=\"https:\/\/art-bijoux.com\/en\/boutique\/pendentif-branche-verre-fusing-3\/\" \/>\n<meta property=\"og:locale\" content=\"en_US\" \/>\n<meta property=\"og:type\" content=\"article\" \/>\n<meta property=\"og:title\" content=\"Branche de nuit rubis \u2013 \u200b\u200bPendentif grenat mont\u00e9 sur une branche de m\u00e9tal argent\u00e9, symbolisant la force et la pers\u00e9v\u00e9rance - art-bijoux\" \/>\n<meta property=\"og:description\" content=\"Pendentif unique, grenat, en verre r\u00e9cup\u00e9r\u00e9 et fondu, enserr\u00e9 dans une branche en m\u00e9tal argent\u00e9.\" \/>\n<meta property=\"og:url\" content=\"https:\/\/art-bijoux.com\/en\/boutique\/pendentif-branche-verre-fusing-3\/\" \/>\n<meta property=\"og:site_name\" content=\"art-bijoux\" \/>\n<meta property=\"article:modified_time\" content=\"2026-03-13T09:41:14+00:00\" \/>\n<meta property=\"og:image\" content=\"https:\/\/art-bijoux.com\/wp-content\/uploads\/2025\/03\/Branche-3-collier-face.jpg\" \/>\n\t<meta property=\"og:image:width\" content=\"1080\" \/>\n\t<meta property=\"og:image:height\" content=\"1920\" \/>\n\t<meta property=\"og:image:type\" content=\"image\/jpeg\" \/>\n<meta name=\"twitter:card\" content=\"summary_large_image\" \/>\n<meta name=\"twitter:label1\" content=\"Est. reading time\" \/>\n\t<meta name=\"twitter:data1\" content=\"2 minutes\" \/>\n<script type=\"application\/ld+json\" class=\"yoast-schema-graph\">{\"@context\":\"https:\\\/\\\/schema.org\",\"@graph\":[{\"@type\":\"WebPage\",\"@id\":\"https:\\\/\\\/art-bijoux.com\\\/en\\\/boutique\\\/pendentif-branche-verre-fusing-3\\\/\",\"url\":\"https:\\\/\\\/art-bijoux.com\\\/en\\\/boutique\\\/pendentif-branche-verre-fusing-3\\\/\",\"name\":\"Branche de nuit rubis \u2013 \u200b\u200bPendentif grenat mont\u00e9 sur une branche de m\u00e9tal argent\u00e9, symbolisant la force et la pers\u00e9v\u00e9rance - art-bijoux\",\"isPartOf\":{\"@id\":\"https:\\\/\\\/art-bijoux.com\\\/en\\\/#website\"},\"primaryImageOfPage\":{\"@id\":\"https:\\\/\\\/art-bijoux.com\\\/en\\\/boutique\\\/pendentif-branche-verre-fusing-3\\\/#primaryimage\"},\"image\":{\"@id\":\"https:\\\/\\\/art-bijoux.com\\\/en\\\/boutique\\\/pendentif-branche-verre-fusing-3\\\/#primaryimage\"},\"thumbnailUrl\":\"https:\\\/\\\/art-bijoux.com\\\/wp-content\\\/uploads\\\/2025\\\/03\\\/Branche-3-collier-face.jpg\",\"datePublished\":\"2025-03-05T14:43:17+00:00\",\"dateModified\":\"2026-03-13T09:41:14+00:00\",\"description\":\"Pendentif unique, grenat, en verre r\u00e9cup\u00e9r\u00e9 et fondu, enserr\u00e9 dans une branche en m\u00e9tal argent\u00e9.\",\"breadcrumb\":{\"@id\":\"https:\\\/\\\/art-bijoux.com\\\/en\\\/boutique\\\/pendentif-branche-verre-fusing-3\\\/#breadcrumb\"},\"inLanguage\":\"en-US\",\"potentialAction\":[{\"@type\":\"ReadAction\",\"target\":[\"https:\\\/\\\/art-bijoux.com\\\/en\\\/boutique\\\/pendentif-branche-verre-fusing-3\\\/\"]}]},{\"@type\":\"ImageObject\",\"inLanguage\":\"en-US\",\"@id\":\"https:\\\/\\\/art-bijoux.com\\\/en\\\/boutique\\\/pendentif-branche-verre-fusing-3\\\/#primaryimage\",\"url\":\"https:\\\/\\\/art-bijoux.com\\\/wp-content\\\/uploads\\\/2025\\\/03\\\/Branche-3-collier-face.jpg\",\"contentUrl\":\"https:\\\/\\\/art-bijoux.com\\\/wp-content\\\/uploads\\\/2025\\\/03\\\/Branche-3-collier-face.jpg\",\"width\":1080,\"height\":1920,\"caption\":\"branche grenat collier gros plan\"},{\"@type\":\"BreadcrumbList\",\"@id\":\"https:\\\/\\\/art-bijoux.com\\\/en\\\/boutique\\\/pendentif-branche-verre-fusing-3\\\/#breadcrumb\",\"itemListElement\":[{\"@type\":\"ListItem\",\"position\":1,\"name\":\"Accueil\",\"item\":\"https:\\\/\\\/art-bijoux.com\\\/en\\\/home\\\/\"},{\"@type\":\"ListItem\",\"position\":2,\"name\":\"Shop\",\"item\":\"https:\\\/\\\/art-bijoux.com\\\/en\\\/shop\\\/\"},{\"@type\":\"ListItem\",\"position\":3,\"name\":\"Branche de nuit rubis \u2013 \u200b\u200bPendentif grenat mont\u00e9 sur une branche de m\u00e9tal argent\u00e9, symbolisant la force et la pers\u00e9v\u00e9rance\"}]},{\"@type\":\"WebSite\",\"@id\":\"https:\\\/\\\/art-bijoux.com\\\/en\\\/#website\",\"url\":\"https:\\\/\\\/art-bijoux.com\\\/en\\\/\",\"name\":\"art-bijoux\",\"description\":\"Osez porter \\\/ offrir un vitrail unique \u00e0 prix abordable\",\"publisher\":{\"@id\":\"https:\\\/\\\/art-bijoux.com\\\/en\\\/#organization\"},\"potentialAction\":[{\"@type\":\"SearchAction\",\"target\":{\"@type\":\"EntryPoint\",\"urlTemplate\":\"https:\\\/\\\/art-bijoux.com\\\/en\\\/?s={search_term_string}\"},\"query-input\":{\"@type\":\"PropertyValueSpecification\",\"valueRequired\":true,\"valueName\":\"search_term_string\"}}],\"inLanguage\":\"en-US\"},{\"@type\":\"Organization\",\"@id\":\"https:\\\/\\\/art-bijoux.com\\\/en\\\/#organization\",\"name\":\"art-bijoux\",\"url\":\"https:\\\/\\\/art-bijoux.com\\\/en\\\/\",\"logo\":{\"@type\":\"ImageObject\",\"inLanguage\":\"en-US\",\"@id\":\"https:\\\/\\\/art-bijoux.com\\\/en\\\/#\\\/schema\\\/logo\\\/image\\\/\",\"url\":\"https:\\\/\\\/art-bijoux.com\\\/wp-content\\\/uploads\\\/2024\\\/06\\\/Art-Bijoux-Logo-Small.png\",\"contentUrl\":\"https:\\\/\\\/art-bijoux.com\\\/wp-content\\\/uploads\\\/2024\\\/06\\\/Art-Bijoux-Logo-Small.png\",\"width\":722,\"height\":137,\"caption\":\"art-bijoux\"},\"image\":{\"@id\":\"https:\\\/\\\/art-bijoux.com\\\/en\\\/#\\\/schema\\\/logo\\\/image\\\/\"}}]}<\/script>\n<!-- \/ Yoast SEO plugin. -->","yoast_head_json":{"title":"Branche de nuit rubis \u2013 \u200b\u200bPendentif grenat mont\u00e9 sur une branche de m\u00e9tal argent\u00e9, symbolisant la force et la pers\u00e9v\u00e9rance - art-bijoux","description":"Pendentif unique, grenat, en verre r\u00e9cup\u00e9r\u00e9 et fondu, enserr\u00e9 dans une branche en m\u00e9tal argent\u00e9.","robots":{"index":"index","follow":"follow","max-snippet":"max-snippet:-1","max-image-preview":"max-image-preview:large","max-video-preview":"max-video-preview:-1"},"canonical":"https:\/\/art-bijoux.com\/en\/boutique\/pendentif-branche-verre-fusing-3\/","og_locale":"en_US","og_type":"article","og_title":"Branche de nuit rubis \u2013 \u200b\u200bPendentif grenat mont\u00e9 sur une branche de m\u00e9tal argent\u00e9, symbolisant la force et la pers\u00e9v\u00e9rance - art-bijoux","og_description":"Pendentif unique, grenat, en verre r\u00e9cup\u00e9r\u00e9 et fondu, enserr\u00e9 dans une branche en m\u00e9tal argent\u00e9.","og_url":"https:\/\/art-bijoux.com\/en\/boutique\/pendentif-branche-verre-fusing-3\/","og_site_name":"art-bijoux","article_modified_time":"2026-03-13T09:41:14+00:00","og_image":[{"width":1080,"height":1920,"url":"https:\/\/art-bijoux.com\/wp-content\/uploads\/2025\/03\/Branche-3-collier-face.jpg","type":"image\/jpeg"}],"twitter_card":"summary_large_image","twitter_misc":{"Est. reading time":"2 minutes"},"schema":{"@context":"https:\/\/schema.org","@graph":[{"@type":"WebPage","@id":"https:\/\/art-bijoux.com\/en\/boutique\/pendentif-branche-verre-fusing-3\/","url":"https:\/\/art-bijoux.com\/en\/boutique\/pendentif-branche-verre-fusing-3\/","name":"Branche de nuit rubis \u2013 \u200b\u200bPendentif grenat mont\u00e9 sur une branche de m\u00e9tal argent\u00e9, symbolisant la force et la pers\u00e9v\u00e9rance - art-bijoux","isPartOf":{"@id":"https:\/\/art-bijoux.com\/en\/#website"},"primaryImageOfPage":{"@id":"https:\/\/art-bijoux.com\/en\/boutique\/pendentif-branche-verre-fusing-3\/#primaryimage"},"image":{"@id":"https:\/\/art-bijoux.com\/en\/boutique\/pendentif-branche-verre-fusing-3\/#primaryimage"},"thumbnailUrl":"https:\/\/art-bijoux.com\/wp-content\/uploads\/2025\/03\/Branche-3-collier-face.jpg","datePublished":"2025-03-05T14:43:17+00:00","dateModified":"2026-03-13T09:41:14+00:00","description":"Pendentif unique, grenat, en verre r\u00e9cup\u00e9r\u00e9 et fondu, enserr\u00e9 dans une branche en m\u00e9tal argent\u00e9.","breadcrumb":{"@id":"https:\/\/art-bijoux.com\/en\/boutique\/pendentif-branche-verre-fusing-3\/#breadcrumb"},"inLanguage":"en-US","potentialAction":[{"@type":"ReadAction","target":["https:\/\/art-bijoux.com\/en\/boutique\/pendentif-branche-verre-fusing-3\/"]}]},{"@type":"ImageObject","inLanguage":"en-US","@id":"https:\/\/art-bijoux.com\/en\/boutique\/pendentif-branche-verre-fusing-3\/#primaryimage","url":"https:\/\/art-bijoux.com\/wp-content\/uploads\/2025\/03\/Branche-3-collier-face.jpg","contentUrl":"https:\/\/art-bijoux.com\/wp-content\/uploads\/2025\/03\/Branche-3-collier-face.jpg","width":1080,"height":1920,"caption":"branche grenat collier gros plan"},{"@type":"BreadcrumbList","@id":"https:\/\/art-bijoux.com\/en\/boutique\/pendentif-branche-verre-fusing-3\/#breadcrumb","itemListElement":[{"@type":"ListItem","position":1,"name":"Accueil","item":"https:\/\/art-bijoux.com\/en\/home\/"},{"@type":"ListItem","position":2,"name":"Shop","item":"https:\/\/art-bijoux.com\/en\/shop\/"},{"@type":"ListItem","position":3,"name":"Branche de nuit rubis \u2013 \u200b\u200bPendentif grenat mont\u00e9 sur une branche de m\u00e9tal argent\u00e9, symbolisant la force et la pers\u00e9v\u00e9rance"}]},{"@type":"WebSite","@id":"https:\/\/art-bijoux.com\/en\/#website","url":"https:\/\/art-bijoux.com\/en\/","name":"art-bijoux","description":"Osez porter \/ offrir un vitrail unique \u00e0 prix abordable","publisher":{"@id":"https:\/\/art-bijoux.com\/en\/#organization"},"potentialAction":[{"@type":"SearchAction","target":{"@type":"EntryPoint","urlTemplate":"https:\/\/art-bijoux.com\/en\/?s={search_term_string}"},"query-input":{"@type":"PropertyValueSpecification","valueRequired":true,"valueName":"search_term_string"}}],"inLanguage":"en-US"},{"@type":"Organization","@id":"https:\/\/art-bijoux.com\/en\/#organization","name":"art-bijoux","url":"https:\/\/art-bijoux.com\/en\/","logo":{"@type":"ImageObject","inLanguage":"en-US","@id":"https:\/\/art-bijoux.com\/en\/#\/schema\/logo\/image\/","url":"https:\/\/art-bijoux.com\/wp-content\/uploads\/2024\/06\/Art-Bijoux-Logo-Small.png","contentUrl":"https:\/\/art-bijoux.com\/wp-content\/uploads\/2024\/06\/Art-Bijoux-Logo-Small.png","width":722,"height":137,"caption":"art-bijoux"},"image":{"@id":"https:\/\/art-bijoux.com\/en\/#\/schema\/logo\/image\/"}}]}},"_links":{"self":[{"href":"https:\/\/art-bijoux.com\/en\/wp-json\/wp\/v2\/product\/4798","targetHints":{"allow":["GET"]}}],"collection":[{"href":"https:\/\/art-bijoux.com\/en\/wp-json\/wp\/v2\/product"}],"about":[{"href":"https:\/\/art-bijoux.com\/en\/wp-json\/wp\/v2\/types\/product"}],"replies":[{"embeddable":true,"href":"https:\/\/art-bijoux.com\/en\/wp-json\/wp\/v2\/comments?post=4798"}],"version-history":[{"count":1,"href":"https:\/\/art-bijoux.com\/en\/wp-json\/wp\/v2\/product\/4798\/revisions"}],"predecessor-version":[{"id":6027,"href":"https:\/\/art-bijoux.com\/en\/wp-json\/wp\/v2\/product\/4798\/revisions\/6027"}],"wp:featuredmedia":[{"embeddable":true,"href":"https:\/\/art-bijoux.com\/en\/wp-json\/wp\/v2\/media\/4763"}],"wp:attachment":[{"href":"https:\/\/art-bijoux.com\/en\/wp-json\/wp\/v2\/media?parent=4798"}],"wp:term":[{"taxonomy":"product_brand","embeddable":true,"href":"https:\/\/art-bijoux.com\/en\/wp-json\/wp\/v2\/product_brand?post=4798"},{"taxonomy":"product_cat","embeddable":true,"href":"https:\/\/art-bijoux.com\/en\/wp-json\/wp\/v2\/product_cat?post=4798"},{"taxonomy":"product_tag","embeddable":true,"href":"https:\/\/art-bijoux.com\/en\/wp-json\/wp\/v2\/product_tag?post=4798"}],"curies":[{"name":"wp","href":"https:\/\/api.w.org\/{rel}","templated":true}]}}