{"id":5110,"date":"2025-04-26T12:05:00","date_gmt":"2025-04-26T10:05:00","guid":{"rendered":"https:\/\/art-bijoux.com\/?post_type=product&#038;p=5110"},"modified":"2025-04-26T12:58:26","modified_gmt":"2025-04-26T10:58:26","slug":"pendentif-verre-grisaille-branche-lys","status":"publish","type":"product","link":"https:\/\/art-bijoux.com\/en\/boutique\/pendentif-verre-grisaille-branche-lys\/","title":{"rendered":"Fleurs en lys stylis\u00e9es &#8211; Pendentif unique en verre antique peint \u00e0 la grisaille"},"content":{"rendered":"<figure id=\"attachment_5111\" aria-describedby=\"caption-attachment-5111\" style=\"width: 181px\" class=\"wp-caption alignleft\"><img fetchpriority=\"high\" decoding=\"async\" class=\"size-medium wp-image-5111\" src=\"https:\/\/art-bijoux.com\/wp-content\/uploads\/2025\/04\/Enluminure-11-Lys-et-bleu-181x300.jpg\" alt=\"Pendentif Enluminure Lys et bleu\" width=\"181\" height=\"300\" srcset=\"https:\/\/art-bijoux.com\/wp-content\/uploads\/2025\/04\/Enluminure-11-Lys-et-bleu-181x300.jpg 181w, https:\/\/art-bijoux.com\/wp-content\/uploads\/2025\/04\/Enluminure-11-Lys-et-bleu-619x1024.jpg 619w, https:\/\/art-bijoux.com\/wp-content\/uploads\/2025\/04\/Enluminure-11-Lys-et-bleu-768x1270.jpg 768w, https:\/\/art-bijoux.com\/wp-content\/uploads\/2025\/04\/Enluminure-11-Lys-et-bleu-929x1536.jpg 929w, https:\/\/art-bijoux.com\/wp-content\/uploads\/2025\/04\/Enluminure-11-Lys-et-bleu-600x992.jpg 600w, https:\/\/art-bijoux.com\/wp-content\/uploads\/2025\/04\/Enluminure-11-Lys-et-bleu.jpg 1161w\" sizes=\"(max-width: 181px) 100vw, 181px\" \/><figcaption id=\"caption-attachment-5111\" class=\"wp-caption-text\">Pendentif Enluminure Lys et bleu<\/figcaption><\/figure>\n<p data-pm-slice=\"1 1 []\">Chaque bijou de cette s\u00e9rie unique est mont\u00e9 sur un rectangle de m\u00e9tal de 1,2 cm par 6 cm, inspir\u00e9 par les marges des livre m\u00e9di\u00e9vaux enlumin\u00e9s. Le d\u00e9cor est peint sur des verres antiques souffl\u00e9s \u00e0 la bouche, r\u00e9cup\u00e9r\u00e9s lors de restaurations de vitraux d\u2019\u00e9glises. Ces verres sont riches en bulles d\u2019air et en irr\u00e9gularit\u00e9s, marques pr\u00e9cieuses du travail artisanal du souffleur de verre. Sur chaque pi\u00e8ce, j\u2019ai peint \u00e0 la main une miniature inspir\u00e9e des marges enlumin\u00e9es des livres du Moyen-\u00e2ge, \u00e0 la grisaille, technique en usage d\u00e8s le XIIe si\u00e8cle. Les teintes dominantes sont des bruns typiques, rehauss\u00e9s parfois d\u2019un trait de bleu, de rouge, de jaune ou de vert.<\/p>\n<p data-pm-slice=\"1 1 [&quot;ordered_list&quot;,{&quot;spread&quot;:true,&quot;startingNumber&quot;:1,&quot;start&quot;:688,&quot;end&quot;:3692},&quot;regular_list_item&quot;,{&quot;start&quot;:946,&quot;end&quot;:1254}]\">Pendentif\u00a0 :\u00a0<strong>Fleurs en lys stylis\u00e9es<\/strong><\/p>\n<p data-pm-slice=\"1 1 [&quot;ordered_list&quot;,{&quot;spread&quot;:true,&quot;startingNumber&quot;:1,&quot;start&quot;:688,&quot;end&quot;:3692},&quot;regular_list_item&quot;,{&quot;start&quot;:1256,&quot;end&quot;:1541}]\">Une branche souple aux courbes brunes s\u2019\u00e9lance au centre de la composition. De part et d\u2019autre, de d\u00e9licates fleurs rouge aux formes stylis\u00e9es, rappelant les lys, s\u2019\u00e9panouissent. Ce pendentif \u00e9voque la gr\u00e2ce florale des bordures de manuscrits gothiques.<\/p>\n<p data-pm-slice=\"1 1 [&quot;ordered_list&quot;,{&quot;spread&quot;:true,&quot;startingNumber&quot;:1,&quot;start&quot;:688,&quot;end&quot;:3692},&quot;regular_list_item&quot;,{&quot;start&quot;:688,&quot;end&quot;:944}]\">\n","protected":false},"excerpt":{"rendered":"<p>Une branche aux courbes brunes au centre de la composition. De d\u00e9licates fleurs rouge aux formes stylis\u00e9es, rappelant les lys, s\u2019\u00e9panouissent.<\/p>\n","protected":false},"featured_media":5111,"comment_status":"open","ping_status":"closed","template":"","meta":[],"product_brand":[],"product_cat":[287],"product_tag":[35,26],"class_list":{"0":"post-5110","1":"product","2":"type-product","3":"status-publish","4":"has-post-thumbnail","6":"product_cat-verre-peint-grisaille-antique","7":"product_tag-feuille-breloque-metal","8":"product_tag-pendentif-verre","9":"pa_bijou-pendentif","11":"first","12":"instock","13":"purchasable","14":"product-type-simple"},"_links":{"self":[{"href":"https:\/\/art-bijoux.com\/en\/wp-json\/wp\/v2\/product\/5110","targetHints":{"allow":["GET"]}}],"collection":[{"href":"https:\/\/art-bijoux.com\/en\/wp-json\/wp\/v2\/product"}],"about":[{"href":"https:\/\/art-bijoux.com\/en\/wp-json\/wp\/v2\/types\/product"}],"replies":[{"embeddable":true,"href":"https:\/\/art-bijoux.com\/en\/wp-json\/wp\/v2\/comments?post=5110"}],"version-history":[{"count":1,"href":"https:\/\/art-bijoux.com\/en\/wp-json\/wp\/v2\/product\/5110\/revisions"}],"predecessor-version":[{"id":5113,"href":"https:\/\/art-bijoux.com\/en\/wp-json\/wp\/v2\/product\/5110\/revisions\/5113"}],"wp:featuredmedia":[{"embeddable":true,"href":"https:\/\/art-bijoux.com\/en\/wp-json\/wp\/v2\/media\/5111"}],"wp:attachment":[{"href":"https:\/\/art-bijoux.com\/en\/wp-json\/wp\/v2\/media?parent=5110"}],"wp:term":[{"taxonomy":"product_brand","embeddable":true,"href":"https:\/\/art-bijoux.com\/en\/wp-json\/wp\/v2\/product_brand?post=5110"},{"taxonomy":"product_cat","embeddable":true,"href":"https:\/\/art-bijoux.com\/en\/wp-json\/wp\/v2\/product_cat?post=5110"},{"taxonomy":"product_tag","embeddable":true,"href":"https:\/\/art-bijoux.com\/en\/wp-json\/wp\/v2\/product_tag?post=5110"}],"curies":[{"name":"wp","href":"https:\/\/api.w.org\/{rel}","templated":true}]}}