{"id":5267,"date":"2025-05-08T15:21:48","date_gmt":"2025-05-08T13:21:48","guid":{"rendered":"https:\/\/art-bijoux.com\/?post_type=product&#038;p=5267"},"modified":"2025-05-26T01:00:01","modified_gmt":"2025-05-25T23:00:01","slug":"sac-besace-crochet-granny-upcycling","status":"publish","type":"product","link":"https:\/\/art-bijoux.com\/en\/boutique\/sac-besace-crochet-granny-upcycling\/","title":{"rendered":"Besace Granny circulaire \u2013 L\u2019art de la laine recycl\u00e9e en grand format"},"content":{"rendered":"<figure id=\"attachment_5268\" aria-describedby=\"caption-attachment-5268\" style=\"width: 186px\" class=\"wp-caption alignleft\"><img fetchpriority=\"high\" decoding=\"async\" class=\"size-medium wp-image-5268\" src=\"https:\/\/art-bijoux.com\/wp-content\/uploads\/2025\/05\/Sac-besace-grany-face-186x300.jpg\" alt=\"Sac besace grany face\" width=\"186\" height=\"300\" srcset=\"https:\/\/art-bijoux.com\/wp-content\/uploads\/2025\/05\/Sac-besace-grany-face-186x300.jpg 186w, https:\/\/art-bijoux.com\/wp-content\/uploads\/2025\/05\/Sac-besace-grany-face-636x1024.jpg 636w, https:\/\/art-bijoux.com\/wp-content\/uploads\/2025\/05\/Sac-besace-grany-face-768x1237.jpg 768w, https:\/\/art-bijoux.com\/wp-content\/uploads\/2025\/05\/Sac-besace-grany-face-954x1536.jpg 954w, https:\/\/art-bijoux.com\/wp-content\/uploads\/2025\/05\/Sac-besace-grany-face-600x966.jpg 600w, https:\/\/art-bijoux.com\/wp-content\/uploads\/2025\/05\/Sac-besace-grany-face.jpg 1192w\" sizes=\"(max-width: 186px) 100vw, 186px\" \/><figcaption id=\"caption-attachment-5268\" class=\"wp-caption-text\">Sac besace Granny face<\/figcaption><\/figure>\n<p>Une besace, comme un patchwork laines, pleines d\u2019histoires m\u00eal\u00e9es et de gestes soign\u00e9s. Cette grande besace au format vertical et \u00e0 la forme circulaire est une v\u00e9ritable c\u00e9l\u00e9bration du crochet traditionnel revisit\u00e9 dans une approche contemporaine, \u00e9thique et inspir\u00e9e.<\/p>\n<p data-start=\"589\" data-end=\"913\">Compos\u00e9e de <strong data-start=\"601\" data-end=\"634\">15 carr\u00e9s \u201cgranny\u201d au crochet<\/strong>, tous diff\u00e9rents, cette pi\u00e8ce singuli\u00e8re est r\u00e9alis\u00e9e \u00e0 partir de <strong data-start=\"701\" data-end=\"732\">pelotons de laine r\u00e9cup\u00e9r\u00e9e<\/strong>, dans des tons <strong data-start=\"748\" data-end=\"767\">beige dominants<\/strong>, relev\u00e9s de touches al\u00e9atoires selon les fils disponibles. Chaque carr\u00e9 est une petite \u0153uvre en soi : irr\u00e9gulier, vibrant, plein de personnalit\u00e9.<\/p>\n<p data-start=\"915\" data-end=\"1203\">Le sac est <strong data-start=\"926\" data-end=\"956\">doubl\u00e9 de tissus africains<\/strong>, choisis avec soin : un <strong data-start=\"981\" data-end=\"1004\">pagne bleu et jaune<\/strong> et un <strong data-start=\"1011\" data-end=\"1033\">wax vert bouteille<\/strong>, pour un int\u00e9rieur joyeux et contrast\u00e9. Une <strong data-start=\"1078\" data-end=\"1110\">poche int\u00e9rieure qui ferme par un bouton pression<\/strong>, discr\u00e8te et pratique, permet de ranger une carte ou de petits essentiels en toute s\u00e9curit\u00e9.<\/p>\n<p data-start=\"1205\" data-end=\"1513\">Le syst\u00e8me de fermeture se fait par un <strong data-start=\"1244\" data-end=\"1263\">lien coulissant<\/strong>, qui se prolonge pour former <strong data-start=\"1293\" data-end=\"1311\">deux bretelles<\/strong>, permettant un port confortable sur le dos ou \u00e0 l\u2019\u00e9paule. Seule la base du sac (le fond) et ses <strong data-start=\"1408\" data-end=\"1431\">4 pieds protecteurs<\/strong> sont neufs, assurant solidit\u00e9 et durabilit\u00e9 sans renier l\u2019esprit de r\u00e9cup\u00e9ration.<\/p>\n<p data-start=\"1515\" data-end=\"1758\">Avec ses <strong data-start=\"1524\" data-end=\"1561\">45 cm de haut pour 35 cm de large<\/strong>, cette besace est \u00e0 la fois spacieuse et l\u00e9g\u00e8re. C\u2019est une <strong data-start=\"1621\" data-end=\"1637\">pi\u00e8ce unique<\/strong>, parfaite pour celles et ceux qui veulent porter de l\u2019authenticit\u00e9, du savoir-faire, et un style r\u00e9solument boh\u00e8me chic.<\/p>\n<h3 data-start=\"1765\" data-end=\"1822\">\u2705 <strong data-start=\"1771\" data-end=\"1822\">Fiche produit \u2013 Besace granny en laine recycl\u00e9e<\/strong><\/h3>\n<p data-start=\"1824\" data-end=\"1843\">\ud83d\udccf <strong data-start=\"1827\" data-end=\"1841\">Dimensions<\/strong><\/p>\n<ul data-start=\"1844\" data-end=\"1951\">\n<li data-start=\"1844\" data-end=\"1863\">Hauteur : 45 cm<\/li>\n<li data-start=\"1864\" data-end=\"1883\">Largeur : 35 cm<\/li>\n<li data-start=\"1884\" data-end=\"1916\">Forme : circulaire verticale<\/li>\n<li data-start=\"1917\" data-end=\"1951\">Poids : 490 grammes<\/li>\n<\/ul>\n<p data-start=\"1953\" data-end=\"1982\">\ud83e\uddf6 <strong data-start=\"1956\" data-end=\"1980\">Mati\u00e8res &amp; finitions<\/strong><\/p>\n<ul data-start=\"1983\" data-end=\"2249\">\n<li data-start=\"1983\" data-end=\"2042\">15 carr\u00e9s au crochet granny \u2013 <strong data-start=\"2015\" data-end=\"2040\">100 % laine r\u00e9cup\u00e9r\u00e9e<\/strong><\/li>\n<li data-start=\"2043\" data-end=\"2119\">Doublure int\u00e9rieure : <strong data-start=\"2067\" data-end=\"2117\">pagne africain bleu\/jaune &amp; wax vert bouteille, r\u00e9cup\u00e9r\u00e9s<\/strong><\/li>\n<li data-start=\"2120\" data-end=\"2186\">Fil de couture et corde de fermeture <strong data-start=\"2159\" data-end=\"2184\">enti\u00e8rement r\u00e9cup\u00e9r\u00e9s<\/strong><\/li>\n<li data-start=\"2187\" data-end=\"2249\">Fond du sac <strong data-start=\"2201\" data-end=\"2209\">neuf<\/strong>, renforc\u00e9, avec <strong data-start=\"2226\" data-end=\"2249\">4 pieds m\u00e9talliques<\/strong><\/li>\n<\/ul>\n<p data-start=\"2251\" data-end=\"2274\">\ud83d\udc5d <strong data-start=\"2254\" data-end=\"2272\">Fonctionnalit\u00e9<\/strong><\/p>\n<ul data-start=\"2275\" data-end=\"2465\">\n<li data-start=\"2275\" data-end=\"2343\">Fermeture par <strong data-start=\"2291\" data-end=\"2310\">lien coulissant<\/strong> convertible en <strong data-start=\"2326\" data-end=\"2341\">2 bretelles<\/strong><\/li>\n<li data-start=\"2344\" data-end=\"2420\">Poche int\u00e9rieure avec <strong data-start=\"2368\" data-end=\"2393\">fermeture par un bouton pression <\/strong>(taille carte de cr\u00e9dit)<\/li>\n<li data-start=\"2421\" data-end=\"2465\">Port\u00e9 <strong data-start=\"2429\" data-end=\"2446\">dos ou \u00e9paule<\/strong>, selon votre style<\/li>\n<\/ul>\n<p data-start=\"2467\" data-end=\"2497\">\ud83c\udfa8 <strong data-start=\"2470\" data-end=\"2495\">Couleurs dominantes :<\/strong><\/p>\n<ul data-start=\"2498\" data-end=\"2600\">\n<li data-start=\"2498\" data-end=\"2541\">Beige, avec variations selon les carr\u00e9s<\/li>\n<li data-start=\"2542\" data-end=\"2600\">Int\u00e9rieur vert bouteille<\/li>\n<\/ul>\n<p data-start=\"2602\" data-end=\"2629\">\ud83c\udf3f <strong data-start=\"2605\" data-end=\"2627\">Engagement \u00e9thique<\/strong><\/p>\n<ul data-start=\"2630\" data-end=\"2758\">\n<li data-start=\"2630\" data-end=\"2661\"><strong data-start=\"2632\" data-end=\"2659\">95 % mat\u00e9riaux recycl\u00e9s<\/strong><\/li>\n<li data-start=\"2662\" data-end=\"2715\">Z\u00e9ro production textile neuve<\/li>\n<li data-start=\"2716\" data-end=\"2758\">Fabrication artisanale, <strong data-start=\"2742\" data-end=\"2758\">pi\u00e8ce unique<\/strong><\/li>\n<\/ul>\n<p data-start=\"2760\" data-end=\"2781\">\ud83c\udf81 <strong data-start=\"2763\" data-end=\"2779\">Id\u00e9al pour :<\/strong><\/p>\n<ul data-start=\"2782\" data-end=\"2919\">\n<li data-start=\"2782\" data-end=\"2803\">La f\u00eate des m\u00e8res<\/li>\n<li data-start=\"2804\" data-end=\"2867\">Celles qui aiment les pi\u00e8ces fortes, durables, et po\u00e9tiques<\/li>\n<li data-start=\"2868\" data-end=\"2919\">Le quotidien, les voyages, les week-ends cr\u00e9atifs<\/li>\n<\/ul>\n","protected":false},"excerpt":{"rendered":"<p>Une besace compos\u00e9e de 15 carr\u00e9s de Granny en laines r\u00e9cup\u00e9r\u00e9es. Ce grand sac, au format vertical et \u00e0 la forme circulaire, est en crochet traditionnel.<\/p>\n","protected":false},"featured_media":5268,"comment_status":"open","ping_status":"closed","template":"","meta":[],"product_brand":[],"product_cat":[281],"product_tag":[],"class_list":{"0":"post-5267","1":"product","2":"type-product","3":"status-publish","4":"has-post-thumbnail","6":"product_cat-sac-bag-upcycling","8":"first","9":"instock","10":"purchasable","11":"product-type-simple"},"_links":{"self":[{"href":"https:\/\/art-bijoux.com\/en\/wp-json\/wp\/v2\/product\/5267","targetHints":{"allow":["GET"]}}],"collection":[{"href":"https:\/\/art-bijoux.com\/en\/wp-json\/wp\/v2\/product"}],"about":[{"href":"https:\/\/art-bijoux.com\/en\/wp-json\/wp\/v2\/types\/product"}],"replies":[{"embeddable":true,"href":"https:\/\/art-bijoux.com\/en\/wp-json\/wp\/v2\/comments?post=5267"}],"version-history":[{"count":0,"href":"https:\/\/art-bijoux.com\/en\/wp-json\/wp\/v2\/product\/5267\/revisions"}],"wp:featuredmedia":[{"embeddable":true,"href":"https:\/\/art-bijoux.com\/en\/wp-json\/wp\/v2\/media\/5268"}],"wp:attachment":[{"href":"https:\/\/art-bijoux.com\/en\/wp-json\/wp\/v2\/media?parent=5267"}],"wp:term":[{"taxonomy":"product_brand","embeddable":true,"href":"https:\/\/art-bijoux.com\/en\/wp-json\/wp\/v2\/product_brand?post=5267"},{"taxonomy":"product_cat","embeddable":true,"href":"https:\/\/art-bijoux.com\/en\/wp-json\/wp\/v2\/product_cat?post=5267"},{"taxonomy":"product_tag","embeddable":true,"href":"https:\/\/art-bijoux.com\/en\/wp-json\/wp\/v2\/product_tag?post=5267"}],"curies":[{"name":"wp","href":"https:\/\/api.w.org\/{rel}","templated":true}]}}