{"id":5744,"date":"2025-09-13T14:30:50","date_gmt":"2025-09-13T12:30:50","guid":{"rendered":"https:\/\/art-bijoux.com\/?post_type=product&#038;p=5744"},"modified":"2025-09-13T14:32:28","modified_gmt":"2025-09-13T12:32:28","slug":"5744-pendentif-duo-geometrique-flamme-ocean-geometric-duo-pendant-flame-ocean","status":"publish","type":"product","link":"https:\/\/art-bijoux.com\/en\/boutique\/5744-pendentif-duo-geometrique-flamme-ocean-geometric-duo-pendant-flame-ocean\/","title":{"rendered":"Duo G\u00e9om\u00e9trique \u2013 Flamme et Oc\u00e9an \/ Geometric Duo \u2013 Flame and Ocean"},"content":{"rendered":"<figure id=\"attachment_5747\" aria-describedby=\"caption-attachment-5747\" style=\"width: 169px\" class=\"wp-caption alignleft\"><img fetchpriority=\"high\" decoding=\"async\" class=\"size-medium wp-image-5747\" src=\"https:\/\/art-bijoux.com\/wp-content\/uploads\/2025\/09\/Duo-gemotrique-Flamme-et-ocean-169x300.jpg\" alt=\"Pendentif Duo g\u00e9om\u00e9trique Flamme et oc\u00e9an\" width=\"169\" height=\"300\" srcset=\"https:\/\/art-bijoux.com\/wp-content\/uploads\/2025\/09\/Duo-gemotrique-Flamme-et-ocean-169x300.jpg 169w, https:\/\/art-bijoux.com\/wp-content\/uploads\/2025\/09\/Duo-gemotrique-Flamme-et-ocean-576x1024.jpg 576w, https:\/\/art-bijoux.com\/wp-content\/uploads\/2025\/09\/Duo-gemotrique-Flamme-et-ocean-768x1365.jpg 768w, https:\/\/art-bijoux.com\/wp-content\/uploads\/2025\/09\/Duo-gemotrique-Flamme-et-ocean-864x1536.jpg 864w, https:\/\/art-bijoux.com\/wp-content\/uploads\/2025\/09\/Duo-gemotrique-Flamme-et-ocean-600x1067.jpg 600w, https:\/\/art-bijoux.com\/wp-content\/uploads\/2025\/09\/Duo-gemotrique-Flamme-et-ocean.jpg 1080w\" sizes=\"(max-width: 169px) 100vw, 169px\" \/><figcaption id=\"caption-attachment-5747\" class=\"wp-caption-text\">Pendentif Duo g\u00e9om\u00e9trique Flamme et oc\u00e9an<\/figcaption><\/figure>\n<p data-start=\"314\" data-end=\"387\"><strong data-start=\"314\" data-end=\"385\">Duo G\u00e9om\u00e9trique \u2013 Flamme et Oc\u00e9an \/ Geometric Duo \u2013 Flame and Ocean<\/strong><\/p>\n<p data-start=\"417\" data-end=\"484\">Pendentif unique compos\u00e9 de deux verres aux contrastes intenses :<\/p>\n<ul data-start=\"485\" data-end=\"675\">\n<li data-start=\"485\" data-end=\"575\">\n<p data-start=\"487\" data-end=\"575\">un bleu profond, soigneusement r\u00e9cup\u00e9r\u00e9 lors de la restauration d\u2019un abat-jour ancien,<\/p>\n<\/li>\n<li data-start=\"576\" data-end=\"675\">\n<p data-start=\"578\" data-end=\"675\">un rouge \u00e9clatant, choisi pour sa raret\u00e9 dans mes cr\u00e9ations, suite \u00e0 la suggestion d\u2019un client.<\/p>\n<\/li>\n<\/ul>\n<p data-start=\"677\" data-end=\"930\">Chaque \u00e9l\u00e9ment a \u00e9t\u00e9 <strong data-start=\"698\" data-end=\"742\">d\u00e9coup\u00e9, meul\u00e9, serti, soud\u00e9 puis patin\u00e9<\/strong> selon la technique traditionnelle Tiffany. La simplicit\u00e9 g\u00e9om\u00e9trique des formes met en valeur la puissance de l\u2019opposition chromatique, \u00e9voquant la rencontre de la flamme et de l\u2019oc\u00e9an.<\/p>\n<p data-start=\"932\" data-end=\"1108\">Ce bijou appartient \u00e0 la collection <strong data-start=\"968\" data-end=\"987\">\u00ab G\u00e9om\u00e9trique \u00bb<\/strong>, premi\u00e8re s\u00e9rie de bijoux que j\u2019ai cr\u00e9\u00e9e, et illustre l\u2019alliance entre artisanat du vitrail et cr\u00e9ation contemporaine.<\/p>\n<p data-start=\"1138\" data-end=\"1187\">Unique pendant made of two contrasting glasses:<\/p>\n<ul data-start=\"1188\" data-end=\"1354\">\n<li data-start=\"1188\" data-end=\"1271\">\n<p data-start=\"1190\" data-end=\"1271\">a deep blue, carefully salvaged during the restoration of an antique lampshade,<\/p>\n<\/li>\n<li data-start=\"1272\" data-end=\"1354\">\n<p data-start=\"1274\" data-end=\"1354\">a bright red, rarely used in my creations, chosen after a client\u2019s suggestion.<\/p>\n<\/li>\n<\/ul>\n<p data-start=\"1356\" data-end=\"1595\">Each piece was <strong data-start=\"1371\" data-end=\"1418\">cut, ground, foiled, soldered and patinated<\/strong> using the traditional Tiffany stained-glass technique. The geometric simplicity highlights the strength of the chromatic opposition, evoking the encounter of flame and ocean.<\/p>\n<p data-start=\"1597\" data-end=\"1773\">This jewel is part of the <strong data-start=\"1623\" data-end=\"1638\">\u201cGeometric\u201d<\/strong> collection, the first jewelry series I created, showcasing the alliance between stained-glass craftsmanship and contemporary design.<\/p>\n<hr data-start=\"1775\" data-end=\"1778\" \/>\n<h3 data-start=\"1780\" data-end=\"1806\">\ud83d\udd39D\u00e9tails techniques<\/h3>\n<ul data-start=\"1807\" data-end=\"2076\">\n<li data-start=\"1807\" data-end=\"1898\">\n<p data-start=\"1809\" data-end=\"1898\">Mat\u00e9riaux : verre recycl\u00e9 bleu (abat-jour restaur\u00e9), verre rouge r\u00e9cup\u00e9r\u00e9, cuivre, \u00e9tain, patine<\/p>\n<\/li>\n<li data-start=\"1899\" data-end=\"1969\">\n<p data-start=\"1901\" data-end=\"1969\">Technique : vitrail Tiffany (d\u00e9coupe, sertissage, soudure, patine)<\/p>\n<\/li>\n<li data-start=\"1970\" data-end=\"2000\">\n<p data-start=\"1972\" data-end=\"2000\">Dimensions : env. 5,2 x 5,6 cm<\/p>\n<\/li>\n<li data-start=\"2001\" data-end=\"2037\">\n<p data-start=\"2003\" data-end=\"2037\">Cordon textile gris clair inclus<\/p>\n<\/li>\n<li data-start=\"2038\" data-end=\"2076\">\n<p data-start=\"2040\" data-end=\"2076\">Pi\u00e8ce unique \u2013 fabriqu\u00e9e en France<\/p>\n<\/li>\n<\/ul>\n","protected":false},"excerpt":{"rendered":"<p>Pendentif unique en verre recycl\u00e9 bleu et rouge, r\u00e9alis\u00e9 en technique Tiffany. Collection G\u00e9om\u00e9trique, bijou artisanal et durable.<\/p>\n","protected":false},"featured_media":5747,"comment_status":"open","ping_status":"closed","template":"","meta":[],"product_brand":[],"product_cat":[28],"product_tag":[36,26,27],"class_list":{"0":"post-5744","1":"product","2":"type-product","3":"status-publish","4":"has-post-thumbnail","6":"product_cat-pendentif-tiffany","7":"product_tag-verre-abstrait","8":"product_tag-pendentif-verre","9":"product_tag-tiffany-verre","10":"pa_bijou-pendentif","12":"first","13":"instock","14":"purchasable","15":"product-type-simple"},"_links":{"self":[{"href":"https:\/\/art-bijoux.com\/en\/wp-json\/wp\/v2\/product\/5744","targetHints":{"allow":["GET"]}}],"collection":[{"href":"https:\/\/art-bijoux.com\/en\/wp-json\/wp\/v2\/product"}],"about":[{"href":"https:\/\/art-bijoux.com\/en\/wp-json\/wp\/v2\/types\/product"}],"replies":[{"embeddable":true,"href":"https:\/\/art-bijoux.com\/en\/wp-json\/wp\/v2\/comments?post=5744"}],"version-history":[{"count":2,"href":"https:\/\/art-bijoux.com\/en\/wp-json\/wp\/v2\/product\/5744\/revisions"}],"predecessor-version":[{"id":5751,"href":"https:\/\/art-bijoux.com\/en\/wp-json\/wp\/v2\/product\/5744\/revisions\/5751"}],"wp:featuredmedia":[{"embeddable":true,"href":"https:\/\/art-bijoux.com\/en\/wp-json\/wp\/v2\/media\/5747"}],"wp:attachment":[{"href":"https:\/\/art-bijoux.com\/en\/wp-json\/wp\/v2\/media?parent=5744"}],"wp:term":[{"taxonomy":"product_brand","embeddable":true,"href":"https:\/\/art-bijoux.com\/en\/wp-json\/wp\/v2\/product_brand?post=5744"},{"taxonomy":"product_cat","embeddable":true,"href":"https:\/\/art-bijoux.com\/en\/wp-json\/wp\/v2\/product_cat?post=5744"},{"taxonomy":"product_tag","embeddable":true,"href":"https:\/\/art-bijoux.com\/en\/wp-json\/wp\/v2\/product_tag?post=5744"}],"curies":[{"name":"wp","href":"https:\/\/api.w.org\/{rel}","templated":true}]}}